{"id":3049,"date":"2021-11-12T13:51:57","date_gmt":"2021-11-12T12:51:57","guid":{"rendered":"http:\/\/alescaa.fr\/?p=3049"},"modified":"2022-06-30T15:00:10","modified_gmt":"2022-06-30T13:00:10","slug":"section-cyclo","status":"publish","type":"page","link":"https:\/\/www.alescaa.fr\/index.php\/section-cyclo\/","title":{"rendered":"Section Cyclo"},"content":{"rendered":"\n<p><strong>Pour les passionn\u00e9s du v\u00e9lo de route en vall\u00e9e d&rsquo;Eure<\/strong><\/p>\n\n\n\n<hr class=\"wp-block-separator\"\/>\n\n\n\n<p>Adh\u00e9rer au club cyclotouriste c\u2019est, au-del\u00e0 des sorties dominicales, int\u00e9grer un groupe de passionn\u00e9s \u00e0 proximit\u00e9, entretenir sa motivation, d\u00e9couvrir de nouveaux itin\u00e9raires, profiter de conseils pour progresser et faire \u00e9voluer son mat\u00e9riel mais aussi, b\u00e9n\u00e9ficier d&rsquo;une assurance de responsabilit\u00e9 civile dans tous ses d\u00e9placements. C&rsquo;est enfin allier le plaisir \u00e0 la s\u00e9curit\u00e9 en s\u2019offrant la possibilit\u00e9 de pouvoir se secourir mutuellement en cas de probl\u00e8me, d\u2019accident ou d\u2019incident m\u00e9canique.<\/p>\n\n\n\n<p>Dans une ambiance sportive, la section de cyclotourisme de l&rsquo;Alescaa se retrouve chaque dimanche matin pour des randonn\u00e9es \u00e0 v\u00e9lo au d\u00e9part d&rsquo;Autheuil-Authouillet, entre 8 h et 9 h en fonction des saisons et de la m\u00e9t\u00e9o. Elle participe \u00e9galement aux sorties organis\u00e9es par les autres clubs de l\u2019Eure.<\/p>\n\n\n\n<div class=\"wp-block-image\"><figure class=\"aligncenter size-full\"><img decoding=\"async\" loading=\"lazy\" width=\"460\" height=\"258\" src=\"http:\/\/alescaa.fr\/wp-content\/uploads\/2021\/11\/image-9.png\" alt=\"\" class=\"wp-image-3050\"\/><figcaption>\u00a9 Alescaa Cyclo. Golfe du Morbihan. Septembre 2013<\/figcaption><\/figure><\/div>\n\n\n\n<p>La section cyclo organise \u00e9galement ses propres \u00e9v\u00e8nements :\u00a0<\/p>\n\n\n\n<ul><li>pour ses adh\u00e9rents, une sortie \u00ab hors-murs \u00bb une fois par an, pendant plusieurs jours et, si possible, dans une autre r\u00e9gion que la Normandie (la Bretagne en 2013 et 2015 par exemple)<\/li><\/ul>\n\n\n\n<ul><li>pour les licenci\u00e9s de la FFCT, un brevet f\u00e9d\u00e9ral de cyclotourisme, au mois de mai (d\u00e9part du Randonn\u2019Eure, retour au m\u00eame endroit&#8230; 100 km plus tard)<\/li><\/ul>\n\n\n\n<ul><li>pour tous, la traditionnelle randonn\u00e9e de la vall\u00e9e d\u2019Eure, en juin<\/li><\/ul>\n\n\n\n<p>La licence annuelle est de 45 \u20ac (tarif 2014\/2015), elle couvre la cotisation d&rsquo;assurance et l\u2019adh\u00e9sion \u00e0 la F\u00e9d\u00e9ration fran\u00e7aise de cyclotourisme (FFCT)<\/p>\n\n\n\n<p>Pour financer ses activit\u00e9s et renforcer l&rsquo;esprit d&rsquo;\u00e9quipe, la section cyclo organise \u00e9galement un repas dansant en novembre. Convivial et ouvert \u00e0 tous, venez y rencontrer les membres de la section et d\u00e9couvrir les activit\u00e9s de l&rsquo;ann\u00e9e. Les b\u00e9n\u00e9fices de cette soir\u00e9e, coupl\u00e9s \u00e0 ceux de la randonn\u00e9e de la vall\u00e9e d\u2019Eure et des buvettes propos\u00e9es par la section lors des diff\u00e9rentes courses, permettent de couvrir les forfaits d&rsquo;engagements des adh\u00e9rents dans les principales sorties ext\u00e9rieures et de proposer une aide \u00e0 l\u2019\u00e9quipement.<\/p>\n\n\n\n<div class=\"wp-block-image\"><figure class=\"aligncenter size-full\"><img decoding=\"async\" loading=\"lazy\" width=\"460\" height=\"345\" src=\"http:\/\/alescaa.fr\/wp-content\/uploads\/2021\/11\/image-10.png\" alt=\"\" class=\"wp-image-3051\"\/><figcaption>\u00a9 Alescaa Cyclo. \u00c9quipe tandem pour la randonn\u00e9e de la vall\u00e9e d\u2019Eure. 2013<\/figcaption><\/figure><\/div>\n\n\n\n<p>En savoir plus, en consultant\u00a0<a href=\"http:\/\/alescaa\/index.php\/manifestations\/calendrier-des-manifestations\"><strong>l&rsquo;agenda\u00a0<\/strong><\/a>de l&rsquo;Alescaa et le site internet de la section\u00a0<a rel=\"noreferrer noopener\" href=\"http:\/\/alescaacyclo.e-monsite.com\/\" target=\"_blank\"><strong>alescaacyclo.e-monsite.com<\/strong><\/a>.<\/p>\n\n\n\n<figure class=\"wp-block-table\"><table><tbody><tr><td><strong>CONTACT&nbsp;:<\/strong> Claude Lordel, Pr\u00e9sident<br>Contact&nbsp;: 06 84 46 49 75 ou 02 32 34 66 36<\/td><\/tr><\/tbody><\/table><\/figure>\n","protected":false},"excerpt":{"rendered":"<p>Pour les passionn\u00e9s du v\u00e9lo de route en vall\u00e9e d&rsquo;Eure Adh\u00e9rer au club cyclotouriste c\u2019est, au-del\u00e0 des sorties dominicales, int\u00e9grer un groupe de passionn\u00e9s \u00e0 proximit\u00e9, entretenir sa motivation, d\u00e9couvrir de nouveaux itin\u00e9raires, profiter de conseils pour progresser et faire \u00e9voluer son mat\u00e9riel mais aussi, b\u00e9n\u00e9ficier d&rsquo;une assurance de responsabilit\u00e9 civile dans tous ses d\u00e9placements. [&hellip;]<\/p>\n","protected":false},"author":3,"featured_media":0,"parent":0,"menu_order":0,"comment_status":"closed","ping_status":"closed","template":"","meta":[],"yoast_head":"<!-- This site is optimized with the Yoast SEO plugin v21.8.1 - https:\/\/yoast.com\/wordpress\/plugins\/seo\/ -->\n<title>Section Cyclo - A.L.E.S.C.A.A.<\/title>\n<meta name=\"robots\" content=\"index, follow, max-snippet:-1, max-image-preview:large, max-video-preview:-1\" \/>\n<link rel=\"canonical\" href=\"https:\/\/www.alescaa.fr\/index.php\/section-cyclo\/\" \/>\n<meta property=\"og:locale\" content=\"fr_FR\" \/>\n<meta property=\"og:type\" content=\"article\" \/>\n<meta property=\"og:title\" content=\"Section Cyclo - A.L.E.S.C.A.A.\" \/>\n<meta property=\"og:description\" content=\"Pour les passionn\u00e9s du v\u00e9lo de route en vall\u00e9e d&rsquo;Eure Adh\u00e9rer au club cyclotouriste c\u2019est, au-del\u00e0 des sorties dominicales, int\u00e9grer un groupe de passionn\u00e9s \u00e0 proximit\u00e9, entretenir sa motivation, d\u00e9couvrir de nouveaux itin\u00e9raires, profiter de conseils pour progresser et faire \u00e9voluer son mat\u00e9riel mais aussi, b\u00e9n\u00e9ficier d&rsquo;une assurance de responsabilit\u00e9 civile dans tous ses d\u00e9placements. [&hellip;]\" \/>\n<meta property=\"og:url\" content=\"https:\/\/www.alescaa.fr\/index.php\/section-cyclo\/\" \/>\n<meta property=\"og:site_name\" content=\"A.L.E.S.C.A.A.\" \/>\n<meta property=\"article:modified_time\" content=\"2022-06-30T13:00:10+00:00\" \/>\n<meta property=\"og:image\" content=\"http:\/\/alescaa.fr\/wp-content\/uploads\/2021\/11\/image-9.png\" \/>\n<meta name=\"twitter:card\" content=\"summary_large_image\" \/>\n<meta name=\"twitter:label1\" content=\"Dur\u00e9e de lecture estim\u00e9e\" \/>\n\t<meta name=\"twitter:data1\" content=\"2 minutes\" \/>\n<script type=\"application\/ld+json\" class=\"yoast-schema-graph\">{\"@context\":\"https:\/\/schema.org\",\"@graph\":[{\"@type\":\"WebPage\",\"@id\":\"https:\/\/www.alescaa.fr\/index.php\/section-cyclo\/\",\"url\":\"https:\/\/www.alescaa.fr\/index.php\/section-cyclo\/\",\"name\":\"Section Cyclo - A.L.E.S.C.A.A.\",\"isPartOf\":{\"@id\":\"https:\/\/www.alescaa.fr\/#website\"},\"datePublished\":\"2021-11-12T12:51:57+00:00\",\"dateModified\":\"2022-06-30T13:00:10+00:00\",\"breadcrumb\":{\"@id\":\"https:\/\/www.alescaa.fr\/index.php\/section-cyclo\/#breadcrumb\"},\"inLanguage\":\"fr-FR\",\"potentialAction\":[{\"@type\":\"ReadAction\",\"target\":[\"https:\/\/www.alescaa.fr\/index.php\/section-cyclo\/\"]}]},{\"@type\":\"BreadcrumbList\",\"@id\":\"https:\/\/www.alescaa.fr\/index.php\/section-cyclo\/#breadcrumb\",\"itemListElement\":[{\"@type\":\"ListItem\",\"position\":1,\"name\":\"Accueil\",\"item\":\"https:\/\/www.alescaa.fr\/\"},{\"@type\":\"ListItem\",\"position\":2,\"name\":\"Section Cyclo\"}]},{\"@type\":\"WebSite\",\"@id\":\"https:\/\/www.alescaa.fr\/#website\",\"url\":\"https:\/\/www.alescaa.fr\/\",\"name\":\"A.L.E.S.C.A.A.\",\"description\":\"Amicale La\u00efque Educative Sportive et Culturelle d&#039;Autheuil-Authouillet\",\"publisher\":{\"@id\":\"https:\/\/www.alescaa.fr\/#organization\"},\"potentialAction\":[{\"@type\":\"SearchAction\",\"target\":{\"@type\":\"EntryPoint\",\"urlTemplate\":\"https:\/\/www.alescaa.fr\/?s={search_term_string}\"},\"query-input\":\"required name=search_term_string\"}],\"inLanguage\":\"fr-FR\"},{\"@type\":\"Organization\",\"@id\":\"https:\/\/www.alescaa.fr\/#organization\",\"name\":\"A.L.E.S.C.A.A.\",\"url\":\"https:\/\/www.alescaa.fr\/\",\"logo\":{\"@type\":\"ImageObject\",\"inLanguage\":\"fr-FR\",\"@id\":\"https:\/\/www.alescaa.fr\/#\/schema\/logo\/image\/\",\"url\":\"https:\/\/www.alescaa.fr\/wp-content\/uploads\/2022\/02\/Logo-Alescaa-2022.png\",\"contentUrl\":\"https:\/\/www.alescaa.fr\/wp-content\/uploads\/2022\/02\/Logo-Alescaa-2022.png\",\"width\":512,\"height\":482,\"caption\":\"A.L.E.S.C.A.A.\"},\"image\":{\"@id\":\"https:\/\/www.alescaa.fr\/#\/schema\/logo\/image\/\"}}]}<\/script>\n<!-- \/ Yoast SEO plugin. -->","yoast_head_json":{"title":"Section Cyclo - A.L.E.S.C.A.A.","robots":{"index":"index","follow":"follow","max-snippet":"max-snippet:-1","max-image-preview":"max-image-preview:large","max-video-preview":"max-video-preview:-1"},"canonical":"https:\/\/www.alescaa.fr\/index.php\/section-cyclo\/","og_locale":"fr_FR","og_type":"article","og_title":"Section Cyclo - A.L.E.S.C.A.A.","og_description":"Pour les passionn\u00e9s du v\u00e9lo de route en vall\u00e9e d&rsquo;Eure Adh\u00e9rer au club cyclotouriste c\u2019est, au-del\u00e0 des sorties dominicales, int\u00e9grer un groupe de passionn\u00e9s \u00e0 proximit\u00e9, entretenir sa motivation, d\u00e9couvrir de nouveaux itin\u00e9raires, profiter de conseils pour progresser et faire \u00e9voluer son mat\u00e9riel mais aussi, b\u00e9n\u00e9ficier d&rsquo;une assurance de responsabilit\u00e9 civile dans tous ses d\u00e9placements. [&hellip;]","og_url":"https:\/\/www.alescaa.fr\/index.php\/section-cyclo\/","og_site_name":"A.L.E.S.C.A.A.","article_modified_time":"2022-06-30T13:00:10+00:00","og_image":[{"url":"http:\/\/alescaa.fr\/wp-content\/uploads\/2021\/11\/image-9.png"}],"twitter_card":"summary_large_image","twitter_misc":{"Dur\u00e9e de lecture estim\u00e9e":"2 minutes"},"schema":{"@context":"https:\/\/schema.org","@graph":[{"@type":"WebPage","@id":"https:\/\/www.alescaa.fr\/index.php\/section-cyclo\/","url":"https:\/\/www.alescaa.fr\/index.php\/section-cyclo\/","name":"Section Cyclo - A.L.E.S.C.A.A.","isPartOf":{"@id":"https:\/\/www.alescaa.fr\/#website"},"datePublished":"2021-11-12T12:51:57+00:00","dateModified":"2022-06-30T13:00:10+00:00","breadcrumb":{"@id":"https:\/\/www.alescaa.fr\/index.php\/section-cyclo\/#breadcrumb"},"inLanguage":"fr-FR","potentialAction":[{"@type":"ReadAction","target":["https:\/\/www.alescaa.fr\/index.php\/section-cyclo\/"]}]},{"@type":"BreadcrumbList","@id":"https:\/\/www.alescaa.fr\/index.php\/section-cyclo\/#breadcrumb","itemListElement":[{"@type":"ListItem","position":1,"name":"Accueil","item":"https:\/\/www.alescaa.fr\/"},{"@type":"ListItem","position":2,"name":"Section Cyclo"}]},{"@type":"WebSite","@id":"https:\/\/www.alescaa.fr\/#website","url":"https:\/\/www.alescaa.fr\/","name":"A.L.E.S.C.A.A.","description":"Amicale La\u00efque Educative Sportive et Culturelle d&#039;Autheuil-Authouillet","publisher":{"@id":"https:\/\/www.alescaa.fr\/#organization"},"potentialAction":[{"@type":"SearchAction","target":{"@type":"EntryPoint","urlTemplate":"https:\/\/www.alescaa.fr\/?s={search_term_string}"},"query-input":"required name=search_term_string"}],"inLanguage":"fr-FR"},{"@type":"Organization","@id":"https:\/\/www.alescaa.fr\/#organization","name":"A.L.E.S.C.A.A.","url":"https:\/\/www.alescaa.fr\/","logo":{"@type":"ImageObject","inLanguage":"fr-FR","@id":"https:\/\/www.alescaa.fr\/#\/schema\/logo\/image\/","url":"https:\/\/www.alescaa.fr\/wp-content\/uploads\/2022\/02\/Logo-Alescaa-2022.png","contentUrl":"https:\/\/www.alescaa.fr\/wp-content\/uploads\/2022\/02\/Logo-Alescaa-2022.png","width":512,"height":482,"caption":"A.L.E.S.C.A.A."},"image":{"@id":"https:\/\/www.alescaa.fr\/#\/schema\/logo\/image\/"}}]}},"_links":{"self":[{"href":"https:\/\/www.alescaa.fr\/index.php\/wp-json\/wp\/v2\/pages\/3049"}],"collection":[{"href":"https:\/\/www.alescaa.fr\/index.php\/wp-json\/wp\/v2\/pages"}],"about":[{"href":"https:\/\/www.alescaa.fr\/index.php\/wp-json\/wp\/v2\/types\/page"}],"author":[{"embeddable":true,"href":"https:\/\/www.alescaa.fr\/index.php\/wp-json\/wp\/v2\/users\/3"}],"replies":[{"embeddable":true,"href":"https:\/\/www.alescaa.fr\/index.php\/wp-json\/wp\/v2\/comments?post=3049"}],"version-history":[{"count":1,"href":"https:\/\/www.alescaa.fr\/index.php\/wp-json\/wp\/v2\/pages\/3049\/revisions"}],"predecessor-version":[{"id":3052,"href":"https:\/\/www.alescaa.fr\/index.php\/wp-json\/wp\/v2\/pages\/3049\/revisions\/3052"}],"wp:attachment":[{"href":"https:\/\/www.alescaa.fr\/index.php\/wp-json\/wp\/v2\/media?parent=3049"}],"curies":[{"name":"wp","href":"https:\/\/api.w.org\/{rel}","templated":true}]}}